{"id":6836,"date":"2020-02-24T15:44:17","date_gmt":"2020-02-24T14:44:17","guid":{"rendered":"https:\/\/www.les-jamelles.com\/?page_id=6836"},"modified":"2021-11-02T16:54:37","modified_gmt":"2021-11-02T15:54:37","slug":"unsereweine","status":"publish","type":"page","link":"https:\/\/www.les-jamelles.com\/de\/unsereweine\/","title":{"rendered":"Unsere Weine"},"content":{"rendered":"<p>[et_pb_section fb_built=&#8220;1&#8243; custom_padding_last_edited=&#8220;on|phone&#8220; disabled_on=&#8220;off|off|on&#8220; _builder_version=&#8220;3.22&#8243; background_color=&#8220;#e00b00&#8243; custom_margin=&#8220;0px||0px&#8220; custom_padding=&#8220;10px||10px&#8220; custom_padding_tablet=&#8220;20px||20px|&#8220; custom_padding_phone=&#8220;10px||10px|&#8220; saved_tabs=&#8220;all&#8220; locked=&#8220;off&#8220;][\/et_pb_section][et_pb_section fb_built=&#8220;1&#8243; _builder_version=&#8220;3.22&#8243; background_image=&#8220;https:\/\/www.les-jamelles.com\/wp-content\/uploads\/2018\/12\/Ardoise-Big.jpg&#8220; custom_margin=&#8220;0px|0px|0px|0px&#8220; custom_padding=&#8220;0|0px|0|0px|false|false&#8220; top_divider_style=&#8220;curve&#8220; top_divider_color=&#8220;#e00b00&#8243; top_divider_height=&#8220;25px&#8220; top_divider_repeat=&#8220;20x&#8220; top_divider_arrangement=&#8220;above_content&#8220; top_divider_height_tablet=&#8220;12px&#8220; top_divider_height_phone=&#8220;5px&#8220; top_divider_height_last_edited=&#8220;on|tablet&#8220; bottom_divider_style=&#8220;wave&#8220; bottom_divider_color=&#8220;#f9f8f2&#8243; bottom_divider_height=&#8220;15px&#8220; bottom_divider_repeat=&#8220;14x&#8220; bottom_divider_arrangement=&#8220;above_content&#8220; bottom_divider_height_tablet=&#8220;8px&#8220; bottom_divider_height_phone=&#8220;5px&#8220; bottom_divider_height_last_edited=&#8220;on|desktop&#8220;][et_pb_row use_custom_gutter=&#8220;on&#8220; gutter_width=&#8220;1&#8243; module_class=&#8220; et_pb_row_fullwidth&#8220; _builder_version=&#8220;3.25&#8243; width=&#8220;100%&#8220; width_tablet=&#8220;100%&#8220; width_phone=&#8220;&#8220; width_last_edited=&#8220;on|desktop&#8220; max_width=&#8220;100%&#8220; max_width_tablet=&#8220;100%&#8220; max_width_phone=&#8220;&#8220; max_width_last_edited=&#8220;on|desktop&#8220; custom_margin=&#8220;0px|0px|0px|0px&#8220; custom_padding=&#8220;0px|0px|0px|0px&#8220; make_fullwidth=&#8220;on&#8220;][et_pb_column type=&#8220;4_4&#8243; _builder_version=&#8220;3.25&#8243; custom_padding=&#8220;|||&#8220; custom_padding__hover=&#8220;|||&#8220;][et_pb_slider module_class=&#8220;wines-top-slider&#8220; _builder_version=&#8220;4.3.4&#8243; header_font=&#8220;||||||||&#8220; body_font=&#8220;|700|||||||&#8220; button_alignment=&#8220;right&#8220; custom_margin=&#8220;0px|0px|0px|0px&#8220; custom_padding=&#8220;70px|0px|70px|0px&#8220; auto=&#8220;on&#8220; hover_enabled=&#8220;0&#8243;][et_pb_slide heading=&#8220;Les Classiques&#8220; button_text=&#8220;MEHR \u00dcBER DIESE WEINE&#8220; button_link=&#8220;\/de\/unsereweine\/?_sft_gamme=les-classiques-de&#8220; image=&#8220;https:\/\/www.les-jamelles.com\/wp-content\/uploads\/2020\/03\/Titre-header-Vins-D.png&#8220; use_bg_overlay=&#8220;off&#8220; use_text_overlay=&#8220;off&#8220; _builder_version=&#8220;4.3.4&#8243; header_font=&#8220;||||||||&#8220; header_font_size=&#8220;23px&#8220; body_font=&#8220;||||||||&#8220; background_color=&#8220;rgba(224,11,0,0)&#8220; custom_button=&#8220;on&#8220; button_text_size=&#8220;13px&#8220; button_text_color=&#8220;#f9f8f2&#8243; button_bg_color=&#8220;#e00b00&#8243; button_border_width=&#8220;0px&#8220; button_letter_spacing=&#8220;0px&#8220; button_font=&#8220;|700||on|||||&#8220; button_use_icon=&#8220;on&#8220; button_on_hover=&#8220;on&#8220; button_alignment=&#8220;left&#8220; hover_enabled=&#8220;0&#8243;]<\/p>\n<p>Ein Sortiment aus 13 Rebsortenweinen, die man getrunken haben muss: Samtweiche, \u00fcppige und ausdrucksstarke Weine mit einem au\u00dfergew\u00f6hnlichen Preis-Leistungs-Verh\u00e4ltnis, die zudem bei internationalen Weinwettbewerben regelm\u00e4\u00dfig ausgezeichnet werden.<\/p>\n<p>[\/et_pb_slide][et_pb_slide heading=&#8220;C\u00e9page Rare&#8220; button_text=&#8220;MEHR \u00dcBER DIESE WEINE&#8220; button_link=&#8220;\/de\/unsereweine\/?_sft_gamme=cepage-rare-de&#8220; image=&#8220;https:\/\/www.les-jamelles.com\/wp-content\/uploads\/2020\/03\/Titre-header-Vins-D.png&#8220; use_bg_overlay=&#8220;off&#8220; use_text_overlay=&#8220;off&#8220; _builder_version=&#8220;4.3.4&#8243; header_font=&#8220;||||||||&#8220; header_font_size=&#8220;23px&#8220; body_font=&#8220;||||||||&#8220; background_color=&#8220;rgba(224,11,0,0)&#8220; custom_button=&#8220;on&#8220; button_text_size=&#8220;13px&#8220; button_text_color=&#8220;#f9f8f2&#8243; button_bg_color=&#8220;#e00b00&#8243; button_border_width=&#8220;0px&#8220; button_letter_spacing=&#8220;0px&#8220; button_font=&#8220;|700||on|||||&#8220; button_use_icon=&#8220;on&#8220; button_on_hover=&#8220;on&#8220; button_alignment=&#8220;left&#8220;]Eine einzigartige Kollektion von Weinen aus seltenen, vergessenen oder \u00fcberraschenden Rebsorten in S\u00fcdfrankreich, die man unbedingt probieren sollte![\/et_pb_slide][et_pb_slide heading=&#8220;Les Jamelles Bio&#8220; button_text=&#8220;MEHR \u00dcBER DIESE WEINE&#8220; button_link=&#8220;\/de\/unsereweine\/?_sft_gamme=bio-de&#8220; image=&#8220;https:\/\/www.les-jamelles.com\/wp-content\/uploads\/2020\/03\/Titre-header-Vins-D.png&#8220; use_bg_overlay=&#8220;off&#8220; use_text_overlay=&#8220;off&#8220; _builder_version=&#8220;4.3.4&#8243; header_font=&#8220;||||||||&#8220; header_font_size=&#8220;23px&#8220; body_font=&#8220;||||||||&#8220; background_color=&#8220;rgba(224,11,0,0)&#8220; custom_button=&#8220;on&#8220; button_text_size=&#8220;13px&#8220; button_text_color=&#8220;#f9f8f2&#8243; button_bg_color=&#8220;#e00b00&#8243; button_border_width=&#8220;0px&#8220; button_letter_spacing=&#8220;0px&#8220; button_font=&#8220;|700||on|||||&#8220; button_use_icon=&#8220;on&#8220; button_on_hover=&#8220;on&#8220; button_alignment=&#8220;left&#8220;]Unsere hervorragende Kenntnis der Lagen des Languedoc sowie unsere langj\u00e4hrigen Beziehungen zu manchen unserer Partnerwinzer erlauben es uns, Ihnen eine kleine Auswahl an Weinen anzubieten, die nach den Richtlinien der biologischen Landwirtschaft erzeugt wurden.[\/et_pb_slide][et_pb_slide heading=&#8220;S\u00e9lection sp\u00e9ciale&#8220; button_text=&#8220;MEHR \u00dcBER DIESE WEINE&#8220; button_link=&#8220;\/de\/unsereweine\/?_sft_gamme=selection-speciale-de&#8220; image=&#8220;https:\/\/www.les-jamelles.com\/wp-content\/uploads\/2020\/03\/Titre-header-Vins-D.png&#8220; use_bg_overlay=&#8220;off&#8220; use_text_overlay=&#8220;off&#8220; _builder_version=&#8220;4.3.4&#8243; header_font=&#8220;||||||||&#8220; header_font_size=&#8220;23px&#8220; body_font=&#8220;||||||||&#8220; background_color=&#8220;rgba(224,11,0,0)&#8220; custom_button=&#8220;on&#8220; button_text_size=&#8220;13px&#8220; button_text_color=&#8220;#f9f8f2&#8243; button_bg_color=&#8220;#e00b00&#8243; button_border_width=&#8220;0px&#8220; button_letter_spacing=&#8220;0px&#8220; button_font=&#8220;|700||on|||||&#8220; button_use_icon=&#8220;on&#8220; button_on_hover=&#8220;on&#8220; button_alignment=&#8220;left&#8220;]In den Les Jamelles \u201eS\u00e9lection Sp\u00e9ciale\u201c zeigt sich das ganze Savoir-faire von Catherine Delaunay in der Kunst der Weinkomposition. Sie sind das Ergebnis einer herausragenden Arbeit und alter Reben, die auf den besten Terroirs des Languedoc angebaut werden. Die aus ihnen gekelterten Cuv\u00e9es werden teils in Eichenf\u00e4ssern ausgebaut.[\/et_pb_slide][et_pb_slide heading=&#8220;S\u00e9lection parcellaire &#8220; button_text=&#8220;MEHR \u00dcBER DIESE WEINE&#8220; button_link=&#8220;\/de\/unsereweine\/?_sft_gamme=selection-parcellaire-de&#8220; image=&#8220;https:\/\/www.les-jamelles.com\/wp-content\/uploads\/2020\/03\/Titre-header-Vins-D.png&#8220; use_bg_overlay=&#8220;off&#8220; use_text_overlay=&#8220;off&#8220; _builder_version=&#8220;4.3.4&#8243; header_font=&#8220;||||||||&#8220; header_font_size=&#8220;23px&#8220; body_font=&#8220;||||||||&#8220; background_color=&#8220;rgba(224,11,0,0)&#8220; custom_button=&#8220;on&#8220; button_text_size=&#8220;13px&#8220; button_text_color=&#8220;#f9f8f2&#8243; button_bg_color=&#8220;#e00b00&#8243; button_border_width=&#8220;0px&#8220; button_letter_spacing=&#8220;0px&#8220; button_font=&#8220;|700||on|||||&#8220; button_use_icon=&#8220;on&#8220; button_on_hover=&#8220;on&#8220; button_alignment=&#8220;left&#8220;]Mit der \u201eS\u00e9lection parcellaire\u201c (Parzellenweine) zeichnet sich Les Jamelles durch die Auswahl einzigartiger Terroirs aus. Ihre Entstehung verdanken diese vier Ausnahmeweine einem Terroir, einem Weinberg, einer Rebsorte und der Kunst von Menschen.[\/et_pb_slide][et_pb_slide heading=&#8220;SCHAUMWEIN&#8220; button_text=&#8220;MEHR \u00dcBER DIESE WEINE&#8220; button_link=&#8220;\/de\/unsereweine\/?_sft_gamme=les-petites-jamelles-de&#8220; image=&#8220;https:\/\/www.les-jamelles.com\/wp-content\/uploads\/2020\/03\/Titre-header-Vins-D.png&#8220; use_bg_overlay=&#8220;off&#8220; use_text_overlay=&#8220;off&#8220; _builder_version=&#8220;4.3.4&#8243; header_font=&#8220;||||||||&#8220; header_font_size=&#8220;23px&#8220; body_font=&#8220;||||||||&#8220; background_color=&#8220;rgba(224,11,0,0)&#8220; custom_button=&#8220;on&#8220; button_text_size=&#8220;13px&#8220; button_text_color=&#8220;#f9f8f2&#8243; button_bg_color=&#8220;#e00b00&#8243; button_border_width=&#8220;0px&#8220; button_letter_spacing=&#8220;0px&#8220; button_font=&#8220;|700||on|||||&#8220; button_use_icon=&#8220;on&#8220; button_on_hover=&#8220;on&#8220; button_alignment=&#8220;left&#8220;]<\/p>\n<p>Les Jamelles bietet Ihnen auch einen Schaumwein. Vergn\u00fcgliche Stunden und gesellige Momente garantiert!<\/p>\n<p>[\/et_pb_slide][et_pb_slide heading=&#8220;Les petites Jamelles &#8220; button_text=&#8220;MEHR \u00dcBER DIESE WEINE&#8220; button_link=&#8220;\/nos-vins\/?_sft_gamme=les-petites-jamelles&#8220; image=&#8220;https:\/\/www.les-jamelles.com\/wp-content\/uploads\/2020\/03\/Titre-header-Vins-D.png&#8220; use_bg_overlay=&#8220;off&#8220; use_text_overlay=&#8220;off&#8220; _builder_version=&#8220;4.3.4&#8243; header_font=&#8220;||||||||&#8220; header_font_size=&#8220;23px&#8220; body_font=&#8220;||||||||&#8220; background_color=&#8220;rgba(224,11,0,0)&#8220; custom_button=&#8220;on&#8220; button_text_size=&#8220;13px&#8220; button_text_color=&#8220;#f9f8f2&#8243; button_bg_color=&#8220;#e00b00&#8243; button_border_width=&#8220;0px&#8220; button_letter_spacing=&#8220;0px&#8220; button_font=&#8220;|700||on|||||&#8220; button_use_icon=&#8220;on&#8220; button_on_hover=&#8220;on&#8220; button_alignment=&#8220;left&#8220;]Bei \u201eLes Petites Jamelles\u201c handelt es sich um sehr fruchtige, samtweiche, ausgewogene Rot-, Ros\u00e9- und Wei\u00dfweine. Sie eignen sich f\u00fcr den einfachen Genuss in einer geselligen Runde.[\/et_pb_slide][\/et_pb_slider][\/et_pb_column][\/et_pb_row][\/et_pb_section][et_pb_section fb_built=&#8220;1&#8243; _builder_version=&#8220;3.22&#8243; background_color=&#8220;#f9f8f2&#8243; custom_padding=&#8220;24px|0px|0|0px|false|false&#8220;][et_pb_row disabled_on=&#8220;on|on|on&#8220; _builder_version=&#8220;3.25&#8243; background_size=&#8220;initial&#8220; background_position=&#8220;top_left&#8220; background_repeat=&#8220;repeat&#8220; disabled=&#8220;on&#8220; locked=&#8220;off&#8220;][et_pb_column type=&#8220;4_4&#8243; _builder_version=&#8220;3.25&#8243; custom_padding=&#8220;|||&#8220; custom_padding__hover=&#8220;|||&#8220;][et_pb_text _builder_version=&#8220;3.27.4&#8243; background_size=&#8220;initial&#8220; background_position=&#8220;top_left&#8220; background_repeat=&#8220;repeat&#8220;]<\/p>\n<p style=\"text-align: center;\"><strong>Pr\u00e9sentation des nos vins<\/strong> ipsum dolor sit amet, consectetur adipisicing elit, sed do eiusmod tempor incididunt ut labore et dolore magna aliqua. Ut enim ad minim veniam, quis nostrud exercitation ullamco laboris nisi ut aliquip ex ea commodo consequat.<\/p>\n<p>[\/et_pb_text][\/et_pb_column][\/et_pb_row][et_pb_row _builder_version=&#8220;3.25&#8243; background_color=&#8220;#f9f8f2&#8243; custom_padding=&#8220;15px|0px|0|0px|false|false&#8220; border_radii=&#8220;on|10px|10px|10px|10px&#8220; border_width_all=&#8220;3px&#8220; border_color_all=&#8220;#9e9e9e&#8220; border_style_all=&#8220;dotted&#8220;][et_pb_column type=&#8220;4_4&#8243; _builder_version=&#8220;3.25&#8243; custom_padding=&#8220;|||&#8220; custom_padding__hover=&#8220;|||&#8220;][et_pb_code admin_label=&#8220;Filtres&#8220; module_class=&#8220;filters__products&#8220; _builder_version=&#8220;3.19.4&#8243; text_orientation=&#8220;center&#8220;]<form data-sf-form-id='7251' data-is-rtl='0' data-maintain-state='' data-results-url='https:\/\/www.les-jamelles.com\/de\/unsereweine\/' data-ajax-url='https:\/\/www.les-jamelles.com\/de\/?sfid=7251&amp;sf_action=get_data&amp;sf_data=all' data-ajax-form-url='https:\/\/www.les-jamelles.com\/de\/?sfid=7251&amp;sf_action=get_data&amp;sf_data=form' data-display-result-method='shortcode' data-use-history-api='1' data-template-loaded='0' data-lang-code='de' data-ajax='1' data-ajax-data-type='json' data-ajax-target='#search-filter-results-7251' data-ajax-pagination-type='normal' data-ajax-links-selector='.pagination a' data-update-ajax-url='1' data-only-results-ajax='1' data-scroll-to-pos='0' data-init-paged='1' data-auto-update='1' data-auto-count='1' data-auto-count-refresh-mode='1' action='https:\/\/www.les-jamelles.com\/de\/unsereweine\/' method='post' class='searchandfilter' id='search-filter-form-7251' autocomplete='off' data-instance-count='1'><ul><li class=\"sf-field-search\" data-sf-field-name=\"search\" data-sf-field-type=\"search\" data-sf-field-input-type=\"\"><h4>Wein suchen<\/h4>\t\t<label><input placeholder=\"Rebsorte, ...\" name=\"_sf_search[]\" class=\"sf-input-text\" type=\"text\" value=\"\" title=\"\"><\/label>\t\t<\/li><li class=\"sf-field-taxonomy-gamme\" data-sf-field-name=\"_sft_gamme\" data-sf-field-type=\"taxonomy\" data-sf-field-input-type=\"select\"><h4>Weinsortiment<\/h4>\t\t<label>\r\n\t\t\t\t<select name=\"_sft_gamme[]\" class=\"sf-input-select\" title=\"\">\r\n\t\t\t\r\n\t\t\t\t\t\t<option class=\"sf-level-0 sf-item-0 sf-option-active\" selected=\"selected\" data-sf-count=\"0\" data-sf-depth=\"0\" value=\"\">Alle Weinsortimente<\/option>\r\n\t\t\t\t\t\t<option class=\"sf-level-0 sf-item-288\" data-sf-count=\"1\" data-sf-depth=\"0\" value=\"innovationen\">Innovationen<\/option>\r\n\t\t\t\t\t\t<option class=\"sf-level-0 sf-item-291\" data-sf-count=\"3\" data-sf-depth=\"0\" value=\"rose\">Ros\u00e9<\/option>\r\n\t\t\t\t\t\t<option class=\"sf-level-0 sf-item-175\" data-sf-count=\"10\" data-sf-depth=\"0\" value=\"les-classiques-de\">Les Classiques<\/option>\r\n\t\t\t\t\t\t<option class=\"sf-level-0 sf-item-182\" data-sf-count=\"8\" data-sf-depth=\"0\" value=\"cepage-rare-de\">C\u00e9page Rare<\/option>\r\n\t\t\t\t\t\t<option class=\"sf-level-0 sf-item-186\" data-sf-count=\"5\" data-sf-depth=\"0\" value=\"selection-parcellaire-de\">S\u00e9lection parcellaire<\/option>\r\n\t\t\t\t\t\t<option class=\"sf-level-0 sf-item-187\" data-sf-count=\"3\" data-sf-depth=\"0\" value=\"selection-speciale-de\">S\u00e9lection sp\u00e9ciale<\/option>\r\n\t\t\t\t\t\t<option class=\"sf-level-0 sf-item-263\" data-sf-count=\"1\" data-sf-depth=\"0\" value=\"vin-orange-de\">Vin Orange<\/option>\r\n\t\t\t\t\t\t<option class=\"sf-level-0 sf-item-270\" data-sf-count=\"1\" data-sf-depth=\"0\" value=\"sans-sulfites-ajoutes_minimalist-de\">Sans sulfites ajout\u00e9s \/ Minimalist<\/option>\r\n\t\t\t\t\t\t<option class=\"sf-level-0 sf-item-184\" data-sf-count=\"1\" data-sf-depth=\"0\" value=\"schaumwein-de\">Schaumwein<\/option>\r\n\t\t\t\t\t\t<option class=\"sf-level-0 sf-item-185\" data-sf-count=\"3\" data-sf-depth=\"0\" value=\"les-petites-jamelles-de\">Les Petites Jamelles<\/option>\r\n\t\t\t\t\t<\/select>\r\n\t\t<\/label>\t\t<\/li><li class=\"sf-field-post-meta-cepage\" data-sf-field-name=\"_sfm_cepage\" data-sf-field-type=\"post_meta\" data-sf-field-input-type=\"select\" data-sf-meta-type=\"choice\"><h4>Rebsorte<\/h4>\t\t<label>\r\n\t\t\t\t<select name=\"_sfm_cepage[]\" class=\"sf-input-select\" title=\"\">\r\n\t\t\t\r\n\t\t\t\t\t\t<option class=\"sf-level-0 sf-item-0 sf-option-active\" selected=\"selected\" data-sf-depth=\"0\" value=\"\">Alle Rebsorten<\/option>\r\n\t\t\t\t\t\t<option class=\"sf-level-0 \" data-sf-count=\"2\" data-sf-depth=\"0\" value=\"7173\">Cabernet Sauvignon<\/option>\r\n\t\t\t\t\t\t<option class=\"sf-level-0 \" data-sf-count=\"2\" data-sf-depth=\"0\" value=\"7175\">Carignan<\/option>\r\n\t\t\t\t\t\t<option class=\"sf-level-0 \" data-sf-count=\"3\" data-sf-depth=\"0\" value=\"7177\">Chardonnay<\/option>\r\n\t\t\t\t\t\t<option class=\"sf-level-0 \" data-sf-count=\"1\" data-sf-depth=\"0\" value=\"7013\">Cinsault<\/option>\r\n\t\t\t\t\t\t<option class=\"sf-level-0 \" data-sf-count=\"2\" data-sf-depth=\"0\" value=\"7186\">Cinsault<\/option>\r\n\t\t\t\t\t\t<option class=\"sf-level-0 \" data-sf-count=\"2\" data-sf-depth=\"0\" value=\"7179\">Gewurztraminer<\/option>\r\n\t\t\t\t\t\t<option class=\"sf-level-0 \" data-sf-count=\"2\" data-sf-depth=\"0\" value=\"12031\">Grenache blanc<\/option>\r\n\t\t\t\t\t\t<option class=\"sf-level-0 \" data-sf-count=\"1\" data-sf-depth=\"0\" value=\"7188\">Grenache gris<\/option>\r\n\t\t\t\t\t\t<option class=\"sf-level-0 \" data-sf-count=\"6\" data-sf-depth=\"0\" value=\"7181\">Grenache rouge<\/option>\r\n\t\t\t\t\t\t<option class=\"sf-level-0 \" data-sf-count=\"1\" data-sf-depth=\"0\" value=\"7021\">Grenache rouge<\/option>\r\n\t\t\t\t\t\t<option class=\"sf-level-0 \" data-sf-count=\"1\" data-sf-depth=\"0\" value=\"7196\">Malbec<\/option>\r\n\t\t\t\t\t\t<option class=\"sf-level-0 \" data-sf-count=\"1\" data-sf-depth=\"0\" value=\"7305\">Marsanne<\/option>\r\n\t\t\t\t\t\t<option class=\"sf-level-0 \" data-sf-count=\"2\" data-sf-depth=\"0\" value=\"7183\">Merlot<\/option>\r\n\t\t\t\t\t\t<option class=\"sf-level-0 \" data-sf-count=\"1\" data-sf-depth=\"0\" value=\"7000\">Mourv\u00e8dre ros\u00e9<\/option>\r\n\t\t\t\t\t\t<option class=\"sf-level-0 \" data-sf-count=\"3\" data-sf-depth=\"0\" value=\"7303\">Mourv\u00e8dre rouge<\/option>\r\n\t\t\t\t\t\t<option class=\"sf-level-0 \" data-sf-count=\"2\" data-sf-depth=\"0\" value=\"7190\">Muscat<\/option>\r\n\t\t\t\t\t\t<option class=\"sf-level-0 \" data-sf-count=\"1\" data-sf-depth=\"0\" value=\"7171\">Pinot gris<\/option>\r\n\t\t\t\t\t\t<option class=\"sf-level-0 \" data-sf-count=\"2\" data-sf-depth=\"0\" value=\"7184\">Pinot Noir<\/option>\r\n\t\t\t\t\t\t<option class=\"sf-level-0 \" data-sf-count=\"1\" data-sf-depth=\"0\" value=\"7169\">Roussanne<\/option>\r\n\t\t\t\t\t\t<option class=\"sf-level-0 \" data-sf-count=\"1\" data-sf-depth=\"0\" value=\"7192\">Sauvignon<\/option>\r\n\t\t\t\t\t\t<option class=\"sf-level-0 \" data-sf-count=\"5\" data-sf-depth=\"0\" value=\"7185\">Syrah<\/option>\r\n\t\t\t\t\t\t<option class=\"sf-level-0 \" data-sf-count=\"1\" data-sf-depth=\"0\" value=\"7015\">Syrah<\/option>\r\n\t\t\t\t\t\t<option class=\"sf-level-0 \" data-sf-count=\"1\" data-sf-depth=\"0\" value=\"7059\">Vermentino<\/option>\r\n\t\t\t\t\t\t<option class=\"sf-level-0 \" data-sf-count=\"3\" data-sf-depth=\"0\" value=\"7194\">Viognier<\/option>\r\n\t\t\t\t\t<\/select>\r\n\t\t<\/label>\t\t<\/li><li class=\"sf-field-post-meta-color\" data-sf-field-name=\"_sfm_color\" data-sf-field-type=\"post_meta\" data-sf-field-input-type=\"checkbox\" data-sf-meta-type=\"choice\"><h4>Farbe<\/h4>\t\t<ul data-operator=\"or\" class=\"\">\r\n\t\t\t\r\n\t\t\t<li class=\"sf-level-0 \" data-sf-count=\"17\" data-sf-depth=\"0\"><input  class=\"sf-input-checkbox\" type=\"checkbox\" value=\"7057\" name=\"_sfm_color[]\" id=\"sf-input-4aaa3d1ada0e722df1c23daaca7f5939\"><label class=\"sf-label-checkbox\" for=\"sf-input-4aaa3d1ada0e722df1c23daaca7f5939\">Rot<\/label><\/li><li class=\"sf-level-0 \" data-sf-count=\"4\" data-sf-depth=\"0\"><input  class=\"sf-input-checkbox\" type=\"checkbox\" value=\"7055\" name=\"_sfm_color[]\" id=\"sf-input-8eb4fff263657275d7d7381d4422cb80\"><label class=\"sf-label-checkbox\" for=\"sf-input-8eb4fff263657275d7d7381d4422cb80\">Ros\u00e9<\/label><\/li><li class=\"sf-level-0 \" data-sf-count=\"14\" data-sf-depth=\"0\"><input  class=\"sf-input-checkbox\" type=\"checkbox\" value=\"7053\" name=\"_sfm_color[]\" id=\"sf-input-e4824369143c3358b990ab5acb2b1d13\"><label class=\"sf-label-checkbox\" for=\"sf-input-e4824369143c3358b990ab5acb2b1d13\">Weiss<\/label><\/li><li class=\"sf-level-0 \" data-sf-count=\"1\" data-sf-depth=\"0\"><input  class=\"sf-input-checkbox\" type=\"checkbox\" value=\"12125\" name=\"_sfm_color[]\" id=\"sf-input-5180530343dd37f78994a3592f8d7270\"><label class=\"sf-label-checkbox\" for=\"sf-input-5180530343dd37f78994a3592f8d7270\">Orange<\/label><\/li>\t\t<\/ul>\r\n\t\t<\/li><li class=\"sf-field-taxonomy-moment\" data-sf-field-name=\"_sft_moment\" data-sf-field-type=\"taxonomy\" data-sf-field-input-type=\"radio\"><h4>Zeitpunkt der verkostung<\/h4>\t\t<ul class=\"\">\r\n\t\t\t\r\n\t\t\t<li class=\"sf-level-0 sf-item-0 sf-option-active\" data-sf-count=\"0\" data-sf-depth=\"0\"><input  class=\"sf-input-radio\" type=\"radio\" value=\"\" name=\"_sft_moment[]\" checked=\"checked\" id=\"sf-input-6b89d56a9f2510de72f937fa0275eee4\"><label class=\"sf-label-radio\" for=\"sf-input-6b89d56a9f2510de72f937fa0275eee4\">Jederzeit<\/label><\/li><li class=\"sf-level-0 sf-item-100\" data-sf-count=\"35\" data-sf-depth=\"0\"><input  class=\"sf-input-radio\" type=\"radio\" value=\"unter-freunden-de\" name=\"_sft_moment[]\" id=\"sf-input-02b55ab23a374f797d2839466033cc0e\"><label class=\"sf-label-radio\" for=\"sf-input-02b55ab23a374f797d2839466033cc0e\">Unter Freunden<\/label><\/li><li class=\"sf-level-0 sf-item-101\" data-sf-count=\"7\" data-sf-depth=\"0\"><input  class=\"sf-input-radio\" type=\"radio\" value=\"festliche-anlaesse-de\" name=\"_sft_moment[]\" id=\"sf-input-4fffcf636308ecb547ba05837264f9a9\"><label class=\"sf-label-radio\" for=\"sf-input-4fffcf636308ecb547ba05837264f9a9\">Festliche Anl\u00e4sse<\/label><\/li><li class=\"sf-level-0 sf-item-102\" data-sf-count=\"24\" data-sf-depth=\"0\"><input  class=\"sf-input-radio\" type=\"radio\" value=\"zum-aperitif-de\" name=\"_sft_moment[]\" id=\"sf-input-b707f98334ace559cf507277ba0afd57\"><label class=\"sf-label-radio\" for=\"sf-input-b707f98334ace559cf507277ba0afd57\">Zum Aperitif<\/label><\/li><li class=\"sf-level-0 sf-item-104\" data-sf-count=\"10\" data-sf-depth=\"0\"><input  class=\"sf-input-radio\" type=\"radio\" value=\"zum-dessert-de\" name=\"_sft_moment[]\" id=\"sf-input-8c43c43fadf1af16e7f8b9bf6eafbc95\"><label class=\"sf-label-radio\" for=\"sf-input-8c43c43fadf1af16e7f8b9bf6eafbc95\">Zum Dessert<\/label><\/li>\t\t<\/ul>\r\n\t\t<\/li><li class=\"sf-field-reset\" data-sf-field-name=\"reset\" data-sf-field-type=\"reset\" data-sf-field-input-type=\"link\"><a href=\"#\" class=\"search-filter-reset\" data-search-form-id=\"7251\" data-sf-submit-form=\"always\">S\u00e4mtliche Weine<\/a><\/li><\/ul><\/form>[\/et_pb_code][\/et_pb_column][\/et_pb_row][et_pb_row _builder_version=&#8220;3.25&#8243;][et_pb_column type=&#8220;4_4&#8243; _builder_version=&#8220;3.25&#8243; custom_padding=&#8220;|||&#8220; custom_padding__hover=&#8220;|||&#8220;][et_pb_code admin_label=&#8220;R\u00e9sultats&#8220; _builder_version=&#8220;3.18.9&#8243;]<div class=\"search-filter-results\" id=\"search-filter-results-7251\">\n\n     \n\t\t\n\t<div class=\"pagination\">\n\t\t\t\t\t<\/div>\n\n    \n    <div class=\"items items--row-5\">\n        \n            \n            <div class=\"item item--product\">\n                <div class=\"item__inner\">\n                                            <div class=\"item__inner__thumb\">\n                            <a href=\"https:\/\/www.les-jamelles.com\/de\/unsereweine\/reflets-secrets\/\" title=\"Reflets Secrets\">\n                                <img width=\"122\" height=\"500\" src=\"https:\/\/www.les-jamelles.com\/wp-content\/uploads\/2024\/03\/SMALL-Reflets-Secrets-1.png\" class=\"attachment-small size-small wp-post-image\" alt=\"\" loading=\"lazy\" srcset=\"https:\/\/www.les-jamelles.com\/wp-content\/uploads\/2024\/03\/SMALL-Reflets-Secrets-1.png 122w, https:\/\/www.les-jamelles.com\/wp-content\/uploads\/2024\/03\/SMALL-Reflets-Secrets-1-73x300.png 73w\" sizes=\"(max-width: 122px) 100vw, 122px\" \/>                            <\/a>\n                        <\/div>\n                    \n                    <h2><a href=\"https:\/\/www.les-jamelles.com\/de\/unsereweine\/reflets-secrets\/\" title=\"Reflets Secrets\">Reflets Secrets<\/a><\/h2>\n\n                                            <span class=\"item__category\">\n                            Ros\u00e9                        <\/span>\n                    \n                                    <\/div>\n            <\/div>\n        \n            \n            <div class=\"item item--product\">\n                <div class=\"item__inner\">\n                                            <div class=\"item__inner__thumb\">\n                            <a href=\"https:\/\/www.les-jamelles.com\/de\/unsereweine\/rouge-ose\/\" title=\"Rouge Os\u00e9\">\n                                <img width=\"122\" height=\"500\" src=\"https:\/\/www.les-jamelles.com\/wp-content\/uploads\/2024\/02\/SMALL-Rouge-Ose-1.png\" class=\"attachment-small size-small wp-post-image\" alt=\"\" loading=\"lazy\" srcset=\"https:\/\/www.les-jamelles.com\/wp-content\/uploads\/2024\/02\/SMALL-Rouge-Ose-1.png 122w, https:\/\/www.les-jamelles.com\/wp-content\/uploads\/2024\/02\/SMALL-Rouge-Ose-1-73x300.png 73w\" sizes=\"(max-width: 122px) 100vw, 122px\" \/>                            <\/a>\n                        <\/div>\n                    \n                    <h2><a href=\"https:\/\/www.les-jamelles.com\/de\/unsereweine\/rouge-ose\/\" title=\"Rouge Os\u00e9\">Rouge Os\u00e9<\/a><\/h2>\n\n                                            <span class=\"item__category\">\n                            Innovationen                        <\/span>\n                    \n                                    <\/div>\n            <\/div>\n        \n            \n            <div class=\"item item--product\">\n                <div class=\"item__inner\">\n                                            <div class=\"item__inner__thumb\">\n                            <a href=\"https:\/\/www.les-jamelles.com\/de\/unsereweine\/mourvedre\/\" title=\"Mourv\u00e8dre\">\n                                <img width=\"122\" height=\"500\" src=\"https:\/\/www.les-jamelles.com\/wp-content\/uploads\/2019\/01\/SMALL-Mourvedre.png\" class=\"attachment-small size-small wp-post-image\" alt=\"\" loading=\"lazy\" srcset=\"https:\/\/www.les-jamelles.com\/wp-content\/uploads\/2019\/01\/SMALL-Mourvedre.png 122w, https:\/\/www.les-jamelles.com\/wp-content\/uploads\/2019\/01\/SMALL-Mourvedre-73x300.png 73w\" sizes=\"(max-width: 122px) 100vw, 122px\" \/>                            <\/a>\n                        <\/div>\n                    \n                    <h2><a href=\"https:\/\/www.les-jamelles.com\/de\/unsereweine\/mourvedre\/\" title=\"Mourv\u00e8dre\">Mourv\u00e8dre<\/a><\/h2>\n\n                                            <span class=\"item__category\">\n                            C\u00e9page Rare                        <\/span>\n                    \n                                    <\/div>\n            <\/div>\n        \n            \n            <div class=\"item item--product\">\n                <div class=\"item__inner\">\n                                            <div class=\"item__inner__thumb\">\n                            <a href=\"https:\/\/www.les-jamelles.com\/de\/unsereweine\/chardonnay\/\" title=\"Chardonnay\">\n                                <img width=\"122\" height=\"500\" src=\"https:\/\/www.les-jamelles.com\/wp-content\/uploads\/2020\/03\/SMALL-Chardonnay.png\" class=\"attachment-small size-small wp-post-image\" alt=\"\" loading=\"lazy\" srcset=\"https:\/\/www.les-jamelles.com\/wp-content\/uploads\/2020\/03\/SMALL-Chardonnay.png 122w, https:\/\/www.les-jamelles.com\/wp-content\/uploads\/2020\/03\/SMALL-Chardonnay-73x300.png 73w\" sizes=\"(max-width: 122px) 100vw, 122px\" \/>                            <\/a>\n                        <\/div>\n                    \n                    <h2><a href=\"https:\/\/www.les-jamelles.com\/de\/unsereweine\/chardonnay\/\" title=\"Chardonnay\">Chardonnay<\/a><\/h2>\n\n                                            <span class=\"item__category\">\n                            Les Classiques                        <\/span>\n                    \n                                    <\/div>\n            <\/div>\n        \n            \n            <div class=\"item item--product\">\n                <div class=\"item__inner\">\n                                            <div class=\"item__inner__thumb\">\n                            <a href=\"https:\/\/www.les-jamelles.com\/de\/unsereweine\/syrah\/\" title=\"Syrah\">\n                                <img width=\"122\" height=\"500\" src=\"https:\/\/www.les-jamelles.com\/wp-content\/uploads\/2019\/01\/SMALL_LES-JAMELLES-Syrah.png\" class=\"attachment-small size-small wp-post-image\" alt=\"\" loading=\"lazy\" srcset=\"https:\/\/www.les-jamelles.com\/wp-content\/uploads\/2019\/01\/SMALL_LES-JAMELLES-Syrah.png 122w, https:\/\/www.les-jamelles.com\/wp-content\/uploads\/2019\/01\/SMALL_LES-JAMELLES-Syrah-73x300.png 73w\" sizes=\"(max-width: 122px) 100vw, 122px\" \/>                            <\/a>\n                        <\/div>\n                    \n                    <h2><a href=\"https:\/\/www.les-jamelles.com\/de\/unsereweine\/syrah\/\" title=\"Syrah\">Syrah<\/a><\/h2>\n\n                                            <span class=\"item__category\">\n                            Les Classiques                        <\/span>\n                    \n                                    <\/div>\n            <\/div>\n        \n            \n            <div class=\"item item--product\">\n                <div class=\"item__inner\">\n                                            <div class=\"item__inner__thumb\">\n                            <a href=\"https:\/\/www.les-jamelles.com\/de\/unsereweine\/vin-orange\/\" title=\"Vin orange\">\n                                <img width=\"122\" height=\"500\" src=\"https:\/\/www.les-jamelles.com\/wp-content\/uploads\/2021\/03\/SMALL-Vin-orange-3.png\" class=\"attachment-small size-small wp-post-image\" alt=\"\" loading=\"lazy\" srcset=\"https:\/\/www.les-jamelles.com\/wp-content\/uploads\/2021\/03\/SMALL-Vin-orange-3.png 122w, https:\/\/www.les-jamelles.com\/wp-content\/uploads\/2021\/03\/SMALL-Vin-orange-3-73x300.png 73w\" sizes=\"(max-width: 122px) 100vw, 122px\" \/>                            <\/a>\n                        <\/div>\n                    \n                    <h2><a href=\"https:\/\/www.les-jamelles.com\/de\/unsereweine\/vin-orange\/\" title=\"Vin orange\">Vin orange<\/a><\/h2>\n\n                                            <span class=\"item__category\">\n                            Vin Orange                        <\/span>\n                    \n                                    <\/div>\n            <\/div>\n        \n            \n            <div class=\"item item--product\">\n                <div class=\"item__inner\">\n                                            <div class=\"item__inner__thumb\">\n                            <a href=\"https:\/\/www.les-jamelles.com\/de\/unsereweine\/sauvignon-blanc\/\" title=\"Sauvignon blanc\">\n                                <img width=\"122\" height=\"500\" src=\"https:\/\/www.les-jamelles.com\/wp-content\/uploads\/2019\/01\/SMALL-SauvignonBlanc-Ovale-2.png\" class=\"attachment-small size-small wp-post-image\" alt=\"\" loading=\"lazy\" srcset=\"https:\/\/www.les-jamelles.com\/wp-content\/uploads\/2019\/01\/SMALL-SauvignonBlanc-Ovale-2.png 122w, https:\/\/www.les-jamelles.com\/wp-content\/uploads\/2019\/01\/SMALL-SauvignonBlanc-Ovale-2-73x300.png 73w\" sizes=\"(max-width: 122px) 100vw, 122px\" \/>                            <\/a>\n                        <\/div>\n                    \n                    <h2><a href=\"https:\/\/www.les-jamelles.com\/de\/unsereweine\/sauvignon-blanc\/\" title=\"Sauvignon blanc\">Sauvignon blanc<\/a><\/h2>\n\n                                            <span class=\"item__category\">\n                            Les Classiques                        <\/span>\n                    \n                                    <\/div>\n            <\/div>\n        \n            \n            <div class=\"item item--product\">\n                <div class=\"item__inner\">\n                                            <div class=\"item__inner__thumb\">\n                            <a href=\"https:\/\/www.les-jamelles.com\/de\/unsereweine\/syrah-grenache-minimalist\/\" title=\"Syrah-Grenache &#8211; Sans sulfites ajout\u00e9s\">\n                                <img width=\"122\" height=\"500\" src=\"https:\/\/www.les-jamelles.com\/wp-content\/uploads\/2021\/03\/SMALL-Minimalist-5.png\" class=\"attachment-small size-small wp-post-image\" alt=\"\" loading=\"lazy\" srcset=\"https:\/\/www.les-jamelles.com\/wp-content\/uploads\/2021\/03\/SMALL-Minimalist-5.png 122w, https:\/\/www.les-jamelles.com\/wp-content\/uploads\/2021\/03\/SMALL-Minimalist-5-73x300.png 73w\" sizes=\"(max-width: 122px) 100vw, 122px\" \/>                            <\/a>\n                        <\/div>\n                    \n                    <h2><a href=\"https:\/\/www.les-jamelles.com\/de\/unsereweine\/syrah-grenache-minimalist\/\" title=\"Syrah-Grenache &#8211; Sans sulfites ajout\u00e9s\">Syrah-Grenache &#8211; Sans sulfites ajout\u00e9s<\/a><\/h2>\n\n                                            <span class=\"item__category\">\n                            Sans sulfites ajout\u00e9s \/ Minimalist                        <\/span>\n                    \n                                    <\/div>\n            <\/div>\n        \n            \n            <div class=\"item item--product\">\n                <div class=\"item__inner\">\n                                            <div class=\"item__inner__thumb\">\n                            <a href=\"https:\/\/www.les-jamelles.com\/de\/unsereweine\/pinot-noir\/\" title=\"Pinot Noir\">\n                                <img width=\"122\" height=\"500\" src=\"https:\/\/www.les-jamelles.com\/wp-content\/uploads\/2019\/01\/SMALL_LES-JAMELLES-Pinot-Noir.png\" class=\"attachment-small size-small wp-post-image\" alt=\"\" loading=\"lazy\" srcset=\"https:\/\/www.les-jamelles.com\/wp-content\/uploads\/2019\/01\/SMALL_LES-JAMELLES-Pinot-Noir.png 122w, https:\/\/www.les-jamelles.com\/wp-content\/uploads\/2019\/01\/SMALL_LES-JAMELLES-Pinot-Noir-73x300.png 73w\" sizes=\"(max-width: 122px) 100vw, 122px\" \/>                            <\/a>\n                        <\/div>\n                    \n                    <h2><a href=\"https:\/\/www.les-jamelles.com\/de\/unsereweine\/pinot-noir\/\" title=\"Pinot Noir\">Pinot Noir<\/a><\/h2>\n\n                                            <span class=\"item__category\">\n                            Les Classiques                        <\/span>\n                    \n                                    <\/div>\n            <\/div>\n        \n            \n            <div class=\"item item--product\">\n                <div class=\"item__inner\">\n                                            <div class=\"item__inner__thumb\">\n                            <a href=\"https:\/\/www.les-jamelles.com\/de\/unsereweine\/viognier\/\" title=\"Viognier\">\n                                <img width=\"122\" height=\"500\" src=\"https:\/\/www.les-jamelles.com\/wp-content\/uploads\/2019\/01\/SMALL_LES-JAMELLES-Viognier.png\" class=\"attachment-small size-small wp-post-image\" alt=\"\" loading=\"lazy\" srcset=\"https:\/\/www.les-jamelles.com\/wp-content\/uploads\/2019\/01\/SMALL_LES-JAMELLES-Viognier.png 122w, https:\/\/www.les-jamelles.com\/wp-content\/uploads\/2019\/01\/SMALL_LES-JAMELLES-Viognier-73x300.png 73w\" sizes=\"(max-width: 122px) 100vw, 122px\" \/>                            <\/a>\n                        <\/div>\n                    \n                    <h2><a href=\"https:\/\/www.les-jamelles.com\/de\/unsereweine\/viognier\/\" title=\"Viognier\">Viognier<\/a><\/h2>\n\n                                            <span class=\"item__category\">\n                            Les Classiques                        <\/span>\n                    \n                                    <\/div>\n            <\/div>\n        \n            \n            <div class=\"item item--product\">\n                <div class=\"item__inner\">\n                                            <div class=\"item__inner__thumb\">\n                            <a href=\"https:\/\/www.les-jamelles.com\/de\/unsereweine\/cinsault\/\" title=\"Cinsault\">\n                                <img width=\"122\" height=\"500\" src=\"https:\/\/www.les-jamelles.com\/wp-content\/uploads\/2019\/01\/SMALL-Cinsault-rose-New-Look.png\" class=\"attachment-small size-small wp-post-image\" alt=\"\" loading=\"lazy\" srcset=\"https:\/\/www.les-jamelles.com\/wp-content\/uploads\/2019\/01\/SMALL-Cinsault-rose-New-Look.png 122w, https:\/\/www.les-jamelles.com\/wp-content\/uploads\/2019\/01\/SMALL-Cinsault-rose-New-Look-73x300.png 73w\" sizes=\"(max-width: 122px) 100vw, 122px\" \/>                            <\/a>\n                        <\/div>\n                    \n                    <h2><a href=\"https:\/\/www.les-jamelles.com\/de\/unsereweine\/cinsault\/\" title=\"Cinsault\">Cinsault<\/a><\/h2>\n\n                                            <span class=\"item__category\">\n                            Ros\u00e9                        <\/span>\n                    \n                                    <\/div>\n            <\/div>\n        \n            \n            <div class=\"item item--product\">\n                <div class=\"item__inner\">\n                                            <div class=\"item__inner__thumb\">\n                            <a href=\"https:\/\/www.les-jamelles.com\/de\/unsereweine\/grenache-rouge\/\" title=\"Grenache rouge\">\n                                <img width=\"122\" height=\"500\" src=\"https:\/\/www.les-jamelles.com\/wp-content\/uploads\/2019\/01\/SMALL_LES-JAMELLES-Grenache.png\" class=\"attachment-small size-small wp-post-image\" alt=\"\" loading=\"lazy\" srcset=\"https:\/\/www.les-jamelles.com\/wp-content\/uploads\/2019\/01\/SMALL_LES-JAMELLES-Grenache.png 122w, https:\/\/www.les-jamelles.com\/wp-content\/uploads\/2019\/01\/SMALL_LES-JAMELLES-Grenache-73x300.png 73w\" sizes=\"(max-width: 122px) 100vw, 122px\" \/>                            <\/a>\n                        <\/div>\n                    \n                    <h2><a href=\"https:\/\/www.les-jamelles.com\/de\/unsereweine\/grenache-rouge\/\" title=\"Grenache rouge\">Grenache rouge<\/a><\/h2>\n\n                                            <span class=\"item__category\">\n                            Les Classiques                        <\/span>\n                    \n                                    <\/div>\n            <\/div>\n        \n            \n            <div class=\"item item--product\">\n                <div class=\"item__inner\">\n                                            <div class=\"item__inner__thumb\">\n                            <a href=\"https:\/\/www.les-jamelles.com\/de\/unsereweine\/clair-de-rose\/\" title=\"Clair de Rose\">\n                                <img width=\"122\" height=\"500\" src=\"https:\/\/www.les-jamelles.com\/wp-content\/uploads\/2019\/01\/SMALL_LES-JAMELLES-Clair-de-Rose.png\" class=\"attachment-small size-small wp-post-image\" alt=\"\" loading=\"lazy\" srcset=\"https:\/\/www.les-jamelles.com\/wp-content\/uploads\/2019\/01\/SMALL_LES-JAMELLES-Clair-de-Rose.png 122w, https:\/\/www.les-jamelles.com\/wp-content\/uploads\/2019\/01\/SMALL_LES-JAMELLES-Clair-de-Rose-73x300.png 73w\" sizes=\"(max-width: 122px) 100vw, 122px\" \/>                            <\/a>\n                        <\/div>\n                    \n                    <h2><a href=\"https:\/\/www.les-jamelles.com\/de\/unsereweine\/clair-de-rose\/\" title=\"Clair de Rose\">Clair de Rose<\/a><\/h2>\n\n                                            <span class=\"item__category\">\n                            Ros\u00e9                        <\/span>\n                    \n                                    <\/div>\n            <\/div>\n        \n            \n            <div class=\"item item--product\">\n                <div class=\"item__inner\">\n                                            <div class=\"item__inner__thumb\">\n                            <a href=\"https:\/\/www.les-jamelles.com\/de\/unsereweine\/cabernet-sauvignon\/\" title=\"Cabernet Sauvignon\">\n                                <img width=\"122\" height=\"500\" src=\"https:\/\/www.les-jamelles.com\/wp-content\/uploads\/2019\/01\/SMALL_LES-JAMELLES-Cabernet-Sauvignon.png\" class=\"attachment-small size-small wp-post-image\" alt=\"\" loading=\"lazy\" srcset=\"https:\/\/www.les-jamelles.com\/wp-content\/uploads\/2019\/01\/SMALL_LES-JAMELLES-Cabernet-Sauvignon.png 122w, https:\/\/www.les-jamelles.com\/wp-content\/uploads\/2019\/01\/SMALL_LES-JAMELLES-Cabernet-Sauvignon-73x300.png 73w\" sizes=\"(max-width: 122px) 100vw, 122px\" \/>                            <\/a>\n                        <\/div>\n                    \n                    <h2><a href=\"https:\/\/www.les-jamelles.com\/de\/unsereweine\/cabernet-sauvignon\/\" title=\"Cabernet Sauvignon\">Cabernet Sauvignon<\/a><\/h2>\n\n                                            <span class=\"item__category\">\n                            Les Classiques                        <\/span>\n                    \n                                    <\/div>\n            <\/div>\n        \n            \n            <div class=\"item item--product\">\n                <div class=\"item__inner\">\n                                            <div class=\"item__inner__thumb\">\n                            <a href=\"https:\/\/www.les-jamelles.com\/de\/unsereweine\/grenache-blanc\/\" title=\"Grenache blanc\">\n                                <img width=\"122\" height=\"500\" src=\"https:\/\/www.les-jamelles.com\/wp-content\/uploads\/2021\/03\/SMALL-GrenacheBlanc.png\" class=\"attachment-small size-small wp-post-image\" alt=\"\" loading=\"lazy\" srcset=\"https:\/\/www.les-jamelles.com\/wp-content\/uploads\/2021\/03\/SMALL-GrenacheBlanc.png 122w, https:\/\/www.les-jamelles.com\/wp-content\/uploads\/2021\/03\/SMALL-GrenacheBlanc-73x300.png 73w\" sizes=\"(max-width: 122px) 100vw, 122px\" \/>                            <\/a>\n                        <\/div>\n                    \n                    <h2><a href=\"https:\/\/www.les-jamelles.com\/de\/unsereweine\/grenache-blanc\/\" title=\"Grenache blanc\">Grenache blanc<\/a><\/h2>\n\n                                            <span class=\"item__category\">\n                            Les Classiques                        <\/span>\n                    \n                                    <\/div>\n            <\/div>\n        \n            \n            <div class=\"item item--product\">\n                <div class=\"item__inner\">\n                                            <div class=\"item__inner__thumb\">\n                            <a href=\"https:\/\/www.les-jamelles.com\/de\/unsereweine\/muscat-sec\/\" title=\"Muscat sec\">\n                                <img width=\"122\" height=\"500\" src=\"https:\/\/www.les-jamelles.com\/wp-content\/uploads\/2019\/01\/SMALL_LES-JAMELLES-Muscat-Sec.png\" class=\"attachment-small size-small wp-post-image\" alt=\"\" loading=\"lazy\" srcset=\"https:\/\/www.les-jamelles.com\/wp-content\/uploads\/2019\/01\/SMALL_LES-JAMELLES-Muscat-Sec.png 122w, https:\/\/www.les-jamelles.com\/wp-content\/uploads\/2019\/01\/SMALL_LES-JAMELLES-Muscat-Sec-73x300.png 73w\" sizes=\"(max-width: 122px) 100vw, 122px\" \/>                            <\/a>\n                        <\/div>\n                    \n                    <h2><a href=\"https:\/\/www.les-jamelles.com\/de\/unsereweine\/muscat-sec\/\" title=\"Muscat sec\">Muscat sec<\/a><\/h2>\n\n                                            <span class=\"item__category\">\n                            Les Classiques                        <\/span>\n                    \n                                    <\/div>\n            <\/div>\n        \n            \n            <div class=\"item item--product\">\n                <div class=\"item__inner\">\n                                            <div class=\"item__inner__thumb\">\n                            <a href=\"https:\/\/www.les-jamelles.com\/de\/unsereweine\/merlot\/\" title=\"Merlot\">\n                                <img width=\"122\" height=\"500\" src=\"https:\/\/www.les-jamelles.com\/wp-content\/uploads\/2019\/01\/SMALL-Merlot.png\" class=\"attachment-small size-small wp-post-image\" alt=\"\" loading=\"lazy\" srcset=\"https:\/\/www.les-jamelles.com\/wp-content\/uploads\/2019\/01\/SMALL-Merlot.png 122w, https:\/\/www.les-jamelles.com\/wp-content\/uploads\/2019\/01\/SMALL-Merlot-73x300.png 73w\" sizes=\"(max-width: 122px) 100vw, 122px\" \/>                            <\/a>\n                        <\/div>\n                    \n                    <h2><a href=\"https:\/\/www.les-jamelles.com\/de\/unsereweine\/merlot\/\" title=\"Merlot\">Merlot<\/a><\/h2>\n\n                                            <span class=\"item__category\">\n                            Les Classiques                        <\/span>\n                    \n                                    <\/div>\n            <\/div>\n        \n            \n            <div class=\"item item--product\">\n                <div class=\"item__inner\">\n                                            <div class=\"item__inner__thumb\">\n                            <a href=\"https:\/\/www.les-jamelles.com\/de\/unsereweine\/vermentino\/\" title=\"Vermentino\">\n                                <img width=\"122\" height=\"500\" src=\"https:\/\/www.les-jamelles.com\/wp-content\/uploads\/2019\/01\/SMALL-Vermentino.png\" class=\"attachment-small size-small wp-post-image\" alt=\"\" loading=\"lazy\" srcset=\"https:\/\/www.les-jamelles.com\/wp-content\/uploads\/2019\/01\/SMALL-Vermentino.png 122w, https:\/\/www.les-jamelles.com\/wp-content\/uploads\/2019\/01\/SMALL-Vermentino-73x300.png 73w\" sizes=\"(max-width: 122px) 100vw, 122px\" \/>                            <\/a>\n                        <\/div>\n                    \n                    <h2><a href=\"https:\/\/www.les-jamelles.com\/de\/unsereweine\/vermentino\/\" title=\"Vermentino\">Vermentino<\/a><\/h2>\n\n                                            <span class=\"item__category\">\n                            C\u00e9page Rare                        <\/span>\n                    \n                                    <\/div>\n            <\/div>\n        \n            \n            <div class=\"item item--product\">\n                <div class=\"item__inner\">\n                                            <div class=\"item__inner__thumb\">\n                            <a href=\"https:\/\/www.les-jamelles.com\/de\/unsereweine\/pinot-gris-2\/\" title=\"Pinot gris\">\n                                <img width=\"122\" height=\"500\" src=\"https:\/\/www.les-jamelles.com\/wp-content\/uploads\/2019\/01\/SMALL_LES-JAMELLES-Pinot-Gris.png\" class=\"attachment-small size-small wp-post-image\" alt=\"\" loading=\"lazy\" srcset=\"https:\/\/www.les-jamelles.com\/wp-content\/uploads\/2019\/01\/SMALL_LES-JAMELLES-Pinot-Gris.png 122w, https:\/\/www.les-jamelles.com\/wp-content\/uploads\/2019\/01\/SMALL_LES-JAMELLES-Pinot-Gris-73x300.png 73w\" sizes=\"(max-width: 122px) 100vw, 122px\" \/>                            <\/a>\n                        <\/div>\n                    \n                    <h2><a href=\"https:\/\/www.les-jamelles.com\/de\/unsereweine\/pinot-gris-2\/\" title=\"Pinot gris\">Pinot gris<\/a><\/h2>\n\n                                            <span class=\"item__category\">\n                            C\u00e9page Rare                        <\/span>\n                    \n                                    <\/div>\n            <\/div>\n        \n            \n            <div class=\"item item--product\">\n                <div class=\"item__inner\">\n                                            <div class=\"item__inner__thumb\">\n                            <a href=\"https:\/\/www.les-jamelles.com\/de\/unsereweine\/marsanne\/\" title=\"Marsanne\">\n                                <img width=\"122\" height=\"500\" src=\"https:\/\/www.les-jamelles.com\/wp-content\/uploads\/2019\/01\/SMALL_LES-JAMELLES-Marsanne.png\" class=\"attachment-small size-small wp-post-image\" alt=\"\" loading=\"lazy\" srcset=\"https:\/\/www.les-jamelles.com\/wp-content\/uploads\/2019\/01\/SMALL_LES-JAMELLES-Marsanne.png 122w, https:\/\/www.les-jamelles.com\/wp-content\/uploads\/2019\/01\/SMALL_LES-JAMELLES-Marsanne-73x300.png 73w\" sizes=\"(max-width: 122px) 100vw, 122px\" \/>                            <\/a>\n                        <\/div>\n                    \n                    <h2><a href=\"https:\/\/www.les-jamelles.com\/de\/unsereweine\/marsanne\/\" title=\"Marsanne\">Marsanne<\/a><\/h2>\n\n                                            <span class=\"item__category\">\n                            C\u00e9page Rare                        <\/span>\n                    \n                                    <\/div>\n            <\/div>\n        \n            \n            <div class=\"item item--product\">\n                <div class=\"item__inner\">\n                                            <div class=\"item__inner__thumb\">\n                            <a href=\"https:\/\/www.les-jamelles.com\/de\/unsereweine\/carignan\/\" title=\"Carignan\">\n                                <img width=\"122\" height=\"500\" src=\"https:\/\/www.les-jamelles.com\/wp-content\/uploads\/2019\/01\/SMALL-Carignan.png\" class=\"attachment-small size-small wp-post-image\" alt=\"\" loading=\"lazy\" srcset=\"https:\/\/www.les-jamelles.com\/wp-content\/uploads\/2019\/01\/SMALL-Carignan.png 122w, https:\/\/www.les-jamelles.com\/wp-content\/uploads\/2019\/01\/SMALL-Carignan-73x300.png 73w\" sizes=\"(max-width: 122px) 100vw, 122px\" \/>                            <\/a>\n                        <\/div>\n                    \n                    <h2><a href=\"https:\/\/www.les-jamelles.com\/de\/unsereweine\/carignan\/\" title=\"Carignan\">Carignan<\/a><\/h2>\n\n                                            <span class=\"item__category\">\n                            C\u00e9page Rare                        <\/span>\n                    \n                                    <\/div>\n            <\/div>\n        \n            \n            <div class=\"item item--product\">\n                <div class=\"item__inner\">\n                                            <div class=\"item__inner__thumb\">\n                            <a href=\"https:\/\/www.les-jamelles.com\/de\/unsereweine\/roussanne\/\" title=\"Roussanne\">\n                                <img width=\"122\" height=\"500\" src=\"https:\/\/www.les-jamelles.com\/wp-content\/uploads\/2019\/01\/SMALL_LES-JAMELLES-Roussanne.png\" class=\"attachment-small size-small wp-post-image\" alt=\"\" loading=\"lazy\" srcset=\"https:\/\/www.les-jamelles.com\/wp-content\/uploads\/2019\/01\/SMALL_LES-JAMELLES-Roussanne.png 122w, https:\/\/www.les-jamelles.com\/wp-content\/uploads\/2019\/01\/SMALL_LES-JAMELLES-Roussanne-73x300.png 73w\" sizes=\"(max-width: 122px) 100vw, 122px\" \/>                            <\/a>\n                        <\/div>\n                    \n                    <h2><a href=\"https:\/\/www.les-jamelles.com\/de\/unsereweine\/roussanne\/\" title=\"Roussanne\">Roussanne<\/a><\/h2>\n\n                                            <span class=\"item__category\">\n                            C\u00e9page Rare                        <\/span>\n                    \n                                    <\/div>\n            <\/div>\n        \n            \n            <div class=\"item item--product\">\n                <div class=\"item__inner\">\n                                            <div class=\"item__inner__thumb\">\n                            <a href=\"https:\/\/www.les-jamelles.com\/de\/unsereweine\/malbec\/\" title=\"Malbec\">\n                                <img width=\"122\" height=\"500\" src=\"https:\/\/www.les-jamelles.com\/wp-content\/uploads\/2019\/01\/SMALL_LES-JAMELLES-Malbec.png\" class=\"attachment-small size-small wp-post-image\" alt=\"\" loading=\"lazy\" srcset=\"https:\/\/www.les-jamelles.com\/wp-content\/uploads\/2019\/01\/SMALL_LES-JAMELLES-Malbec.png 122w, https:\/\/www.les-jamelles.com\/wp-content\/uploads\/2019\/01\/SMALL_LES-JAMELLES-Malbec-73x300.png 73w\" sizes=\"(max-width: 122px) 100vw, 122px\" \/>                            <\/a>\n                        <\/div>\n                    \n                    <h2><a href=\"https:\/\/www.les-jamelles.com\/de\/unsereweine\/malbec\/\" title=\"Malbec\">Malbec<\/a><\/h2>\n\n                                            <span class=\"item__category\">\n                            C\u00e9page Rare                        <\/span>\n                    \n                                    <\/div>\n            <\/div>\n        \n            \n            <div class=\"item item--product\">\n                <div class=\"item__inner\">\n                                            <div class=\"item__inner__thumb\">\n                            <a href=\"https:\/\/www.les-jamelles.com\/de\/unsereweine\/gewurztraminer\/\" title=\"Gewurztraminer\">\n                                <img width=\"122\" height=\"500\" src=\"https:\/\/www.les-jamelles.com\/wp-content\/uploads\/2019\/01\/SMALL_LES-JAMELLES-Gewurztraminer.png\" class=\"attachment-small size-small wp-post-image\" alt=\"\" loading=\"lazy\" srcset=\"https:\/\/www.les-jamelles.com\/wp-content\/uploads\/2019\/01\/SMALL_LES-JAMELLES-Gewurztraminer.png 122w, https:\/\/www.les-jamelles.com\/wp-content\/uploads\/2019\/01\/SMALL_LES-JAMELLES-Gewurztraminer-73x300.png 73w\" sizes=\"(max-width: 122px) 100vw, 122px\" \/>                            <\/a>\n                        <\/div>\n                    \n                    <h2><a href=\"https:\/\/www.les-jamelles.com\/de\/unsereweine\/gewurztraminer\/\" title=\"Gewurztraminer\">Gewurztraminer<\/a><\/h2>\n\n                                            <span class=\"item__category\">\n                            C\u00e9page Rare                        <\/span>\n                    \n                                    <\/div>\n            <\/div>\n        \n            \n            <div class=\"item item--product\">\n                <div class=\"item__inner\">\n                                            <div class=\"item__inner__thumb\">\n                            <a href=\"https:\/\/www.les-jamelles.com\/de\/unsereweine\/grenache-gris-lauze-moulin\/\" title=\"Grenache Gris La Lauze du Moulin\">\n                                <img width=\"118\" height=\"425\" src=\"https:\/\/www.les-jamelles.com\/wp-content\/uploads\/2020\/06\/SMALL-Parcellaire-Blanc425.png\" class=\"attachment-small size-small wp-post-image\" alt=\"\" loading=\"lazy\" srcset=\"https:\/\/www.les-jamelles.com\/wp-content\/uploads\/2020\/06\/SMALL-Parcellaire-Blanc425.png 118w, https:\/\/www.les-jamelles.com\/wp-content\/uploads\/2020\/06\/SMALL-Parcellaire-Blanc425-83x300.png 83w\" sizes=\"(max-width: 118px) 100vw, 118px\" \/>                            <\/a>\n                        <\/div>\n                    \n                    <h2><a href=\"https:\/\/www.les-jamelles.com\/de\/unsereweine\/grenache-gris-lauze-moulin\/\" title=\"Grenache Gris La Lauze du Moulin\">Grenache Gris La Lauze du Moulin<\/a><\/h2>\n\n                                            <span class=\"item__category\">\n                            S\u00e9lection parcellaire                        <\/span>\n                    \n                                    <\/div>\n            <\/div>\n        \n            \n            <div class=\"item item--product\">\n                <div class=\"item__inner\">\n                                            <div class=\"item__inner__thumb\">\n                            <a href=\"https:\/\/www.les-jamelles.com\/de\/unsereweine\/syrah-vallee-de-la-bretonne\/\" title=\"Syrah &#8211; Vall\u00e9e de la Bretonne\">\n                                <img width=\"122\" height=\"500\" src=\"https:\/\/www.les-jamelles.com\/wp-content\/uploads\/2019\/01\/SMALL_Les-Jamelles-Selection-parcellaire-Syrah.png\" class=\"attachment-small size-small wp-post-image\" alt=\"\" loading=\"lazy\" srcset=\"https:\/\/www.les-jamelles.com\/wp-content\/uploads\/2019\/01\/SMALL_Les-Jamelles-Selection-parcellaire-Syrah.png 122w, https:\/\/www.les-jamelles.com\/wp-content\/uploads\/2019\/01\/SMALL_Les-Jamelles-Selection-parcellaire-Syrah-73x300.png 73w\" sizes=\"(max-width: 122px) 100vw, 122px\" \/>                            <\/a>\n                        <\/div>\n                    \n                    <h2><a href=\"https:\/\/www.les-jamelles.com\/de\/unsereweine\/syrah-vallee-de-la-bretonne\/\" title=\"Syrah &#8211; Vall\u00e9e de la Bretonne\">Syrah &#8211; Vall\u00e9e de la Bretonne<\/a><\/h2>\n\n                                            <span class=\"item__category\">\n                            S\u00e9lection parcellaire                        <\/span>\n                    \n                                    <\/div>\n            <\/div>\n        \n            \n            <div class=\"item item--product\">\n                <div class=\"item__inner\">\n                                            <div class=\"item__inner__thumb\">\n                            <a href=\"https:\/\/www.les-jamelles.com\/de\/unsereweine\/mourvedre-les-traverses\/\" title=\"Mourv\u00e8dre &#8211; Les Traverses\">\n                                <img width=\"122\" height=\"500\" src=\"https:\/\/www.les-jamelles.com\/wp-content\/uploads\/2019\/01\/SMALL_Les-Jamelles-Selection-parcellaire-Mourvedre.png\" class=\"attachment-small size-small wp-post-image\" alt=\"\" loading=\"lazy\" srcset=\"https:\/\/www.les-jamelles.com\/wp-content\/uploads\/2019\/01\/SMALL_Les-Jamelles-Selection-parcellaire-Mourvedre.png 122w, https:\/\/www.les-jamelles.com\/wp-content\/uploads\/2019\/01\/SMALL_Les-Jamelles-Selection-parcellaire-Mourvedre-73x300.png 73w\" sizes=\"(max-width: 122px) 100vw, 122px\" \/>                            <\/a>\n                        <\/div>\n                    \n                    <h2><a href=\"https:\/\/www.les-jamelles.com\/de\/unsereweine\/mourvedre-les-traverses\/\" title=\"Mourv\u00e8dre &#8211; Les Traverses\">Mourv\u00e8dre &#8211; Les Traverses<\/a><\/h2>\n\n                                            <span class=\"item__category\">\n                            S\u00e9lection parcellaire                        <\/span>\n                    \n                                    <\/div>\n            <\/div>\n        \n            \n            <div class=\"item item--product\">\n                <div class=\"item__inner\">\n                                            <div class=\"item__inner__thumb\">\n                            <a href=\"https:\/\/www.les-jamelles.com\/de\/unsereweine\/grenache-noir-vallee-de-la-boulzane\/\" title=\"Grenache noir &#8211; Vall\u00e9e de la Boulzane\">\n                                <img width=\"122\" height=\"500\" src=\"https:\/\/www.les-jamelles.com\/wp-content\/uploads\/2019\/01\/SMALL_Les-Jamelles-Grenache-Noir.png\" class=\"attachment-small size-small wp-post-image\" alt=\"\" loading=\"lazy\" srcset=\"https:\/\/www.les-jamelles.com\/wp-content\/uploads\/2019\/01\/SMALL_Les-Jamelles-Grenache-Noir.png 122w, https:\/\/www.les-jamelles.com\/wp-content\/uploads\/2019\/01\/SMALL_Les-Jamelles-Grenache-Noir-73x300.png 73w\" sizes=\"(max-width: 122px) 100vw, 122px\" \/>                            <\/a>\n                        <\/div>\n                    \n                    <h2><a href=\"https:\/\/www.les-jamelles.com\/de\/unsereweine\/grenache-noir-vallee-de-la-boulzane\/\" title=\"Grenache noir &#8211; Vall\u00e9e de la Boulzane\">Grenache noir &#8211; Vall\u00e9e de la Boulzane<\/a><\/h2>\n\n                                            <span class=\"item__category\">\n                            S\u00e9lection parcellaire                        <\/span>\n                    \n                                    <\/div>\n            <\/div>\n        \n            \n            <div class=\"item item--product\">\n                <div class=\"item__inner\">\n                                            <div class=\"item__inner__thumb\">\n                            <a href=\"https:\/\/www.les-jamelles.com\/de\/unsereweine\/carignan-le-beillou\/\" title=\"Carignan &#8211; Le Beillou\">\n                                <img width=\"122\" height=\"500\" src=\"https:\/\/www.les-jamelles.com\/wp-content\/uploads\/2019\/01\/SMALL_Les-Jamelles-Selection-parcellaire-Carignan.png\" class=\"attachment-small size-small wp-post-image\" alt=\"\" loading=\"lazy\" srcset=\"https:\/\/www.les-jamelles.com\/wp-content\/uploads\/2019\/01\/SMALL_Les-Jamelles-Selection-parcellaire-Carignan.png 122w, https:\/\/www.les-jamelles.com\/wp-content\/uploads\/2019\/01\/SMALL_Les-Jamelles-Selection-parcellaire-Carignan-73x300.png 73w\" sizes=\"(max-width: 122px) 100vw, 122px\" \/>                            <\/a>\n                        <\/div>\n                    \n                    <h2><a href=\"https:\/\/www.les-jamelles.com\/de\/unsereweine\/carignan-le-beillou\/\" title=\"Carignan &#8211; Le Beillou\">Carignan &#8211; Le Beillou<\/a><\/h2>\n\n                                            <span class=\"item__category\">\n                            S\u00e9lection parcellaire                        <\/span>\n                    \n                                    <\/div>\n            <\/div>\n        \n            \n            <div class=\"item item--product\">\n                <div class=\"item__inner\">\n                                            <div class=\"item__inner__thumb\">\n                            <a href=\"https:\/\/www.les-jamelles.com\/de\/unsereweine\/chardonnay-viognier\/\" title=\"Chardonnay &#8211; Viognier\">\n                                <img width=\"122\" height=\"500\" src=\"https:\/\/www.les-jamelles.com\/wp-content\/uploads\/2019\/01\/SS-Chardonnay-Viognier_SMALL.png\" class=\"attachment-small size-small wp-post-image\" alt=\"\" loading=\"lazy\" srcset=\"https:\/\/www.les-jamelles.com\/wp-content\/uploads\/2019\/01\/SS-Chardonnay-Viognier_SMALL.png 122w, https:\/\/www.les-jamelles.com\/wp-content\/uploads\/2019\/01\/SS-Chardonnay-Viognier_SMALL-73x300.png 73w\" sizes=\"(max-width: 122px) 100vw, 122px\" \/>                            <\/a>\n                        <\/div>\n                    \n                    <h2><a href=\"https:\/\/www.les-jamelles.com\/de\/unsereweine\/chardonnay-viognier\/\" title=\"Chardonnay &#8211; Viognier\">Chardonnay &#8211; Viognier<\/a><\/h2>\n\n                                            <span class=\"item__category\">\n                            S\u00e9lection sp\u00e9ciale                        <\/span>\n                    \n                                    <\/div>\n            <\/div>\n        \n            \n            <div class=\"item item--product\">\n                <div class=\"item__inner\">\n                                            <div class=\"item__inner__thumb\">\n                            <a href=\"https:\/\/www.les-jamelles.com\/de\/unsereweine\/grenache-syrah-mourvedre\/\" title=\"Grenache &#8211; Syrah &#8211; Mourv\u00e8dre\">\n                                <img width=\"122\" height=\"500\" src=\"https:\/\/www.les-jamelles.com\/wp-content\/uploads\/2019\/01\/SMALL_LES-JAMELLES-Selection-speciale-Grenache-Syrah-Mourvedre.png\" class=\"attachment-small size-small wp-post-image\" alt=\"\" loading=\"lazy\" srcset=\"https:\/\/www.les-jamelles.com\/wp-content\/uploads\/2019\/01\/SMALL_LES-JAMELLES-Selection-speciale-Grenache-Syrah-Mourvedre.png 122w, https:\/\/www.les-jamelles.com\/wp-content\/uploads\/2019\/01\/SMALL_LES-JAMELLES-Selection-speciale-Grenache-Syrah-Mourvedre-73x300.png 73w\" sizes=\"(max-width: 122px) 100vw, 122px\" \/>                            <\/a>\n                        <\/div>\n                    \n                    <h2><a href=\"https:\/\/www.les-jamelles.com\/de\/unsereweine\/grenache-syrah-mourvedre\/\" title=\"Grenache &#8211; Syrah &#8211; Mourv\u00e8dre\">Grenache &#8211; Syrah &#8211; Mourv\u00e8dre<\/a><\/h2>\n\n                                            <span class=\"item__category\">\n                            S\u00e9lection sp\u00e9ciale                        <\/span>\n                    \n                                    <\/div>\n            <\/div>\n        \n            \n            <div class=\"item item--product\">\n                <div class=\"item__inner\">\n                                            <div class=\"item__inner__thumb\">\n                            <a href=\"https:\/\/www.les-jamelles.com\/de\/unsereweine\/cabernet-merlot\/\" title=\"Cabernet &#8211; Merlot\">\n                                <img width=\"122\" height=\"500\" src=\"https:\/\/www.les-jamelles.com\/wp-content\/uploads\/2019\/01\/SMALL_LES-JAMELLES-Selection-speciale-Cabernet-Merlot.png\" class=\"attachment-small size-small wp-post-image\" alt=\"\" loading=\"lazy\" srcset=\"https:\/\/www.les-jamelles.com\/wp-content\/uploads\/2019\/01\/SMALL_LES-JAMELLES-Selection-speciale-Cabernet-Merlot.png 122w, https:\/\/www.les-jamelles.com\/wp-content\/uploads\/2019\/01\/SMALL_LES-JAMELLES-Selection-speciale-Cabernet-Merlot-73x300.png 73w\" sizes=\"(max-width: 122px) 100vw, 122px\" \/>                            <\/a>\n                        <\/div>\n                    \n                    <h2><a href=\"https:\/\/www.les-jamelles.com\/de\/unsereweine\/cabernet-merlot\/\" title=\"Cabernet &#8211; Merlot\">Cabernet &#8211; Merlot<\/a><\/h2>\n\n                                            <span class=\"item__category\">\n                            S\u00e9lection sp\u00e9ciale                        <\/span>\n                    \n                                    <\/div>\n            <\/div>\n        \n            \n            <div class=\"item item--product\">\n                <div class=\"item__inner\">\n                                            <div class=\"item__inner__thumb\">\n                            <a href=\"https:\/\/www.les-jamelles.com\/de\/unsereweine\/methode-traditionnelle-chardonnay-pinot-noir-brut\/\" title=\"M\u00e9thode Traditionnelle Chardonnay Pinot Noir Brut\">\n                                <img width=\"122\" height=\"500\" src=\"https:\/\/www.les-jamelles.com\/wp-content\/uploads\/2019\/01\/SMALL_Les-Jamelles-Methode-Traditionnelle.png\" class=\"attachment-small size-small wp-post-image\" alt=\"\" loading=\"lazy\" srcset=\"https:\/\/www.les-jamelles.com\/wp-content\/uploads\/2019\/01\/SMALL_Les-Jamelles-Methode-Traditionnelle.png 122w, https:\/\/www.les-jamelles.com\/wp-content\/uploads\/2019\/01\/SMALL_Les-Jamelles-Methode-Traditionnelle-73x300.png 73w\" sizes=\"(max-width: 122px) 100vw, 122px\" \/>                            <\/a>\n                        <\/div>\n                    \n                    <h2><a href=\"https:\/\/www.les-jamelles.com\/de\/unsereweine\/methode-traditionnelle-chardonnay-pinot-noir-brut\/\" title=\"M\u00e9thode Traditionnelle Chardonnay Pinot Noir Brut\">M\u00e9thode Traditionnelle Chardonnay Pinot Noir Brut<\/a><\/h2>\n\n                                            <span class=\"item__category\">\n                            Schaumwein                        <\/span>\n                    \n                                    <\/div>\n            <\/div>\n        \n            \n            <div class=\"item item--product\">\n                <div class=\"item__inner\">\n                                            <div class=\"item__inner__thumb\">\n                            <a href=\"https:\/\/www.les-jamelles.com\/de\/unsereweine\/les-petites-jamelles-blanc\/\" title=\"Les Petites Jamelles blanc\">\n                                <img width=\"122\" height=\"500\" src=\"https:\/\/www.les-jamelles.com\/wp-content\/uploads\/2019\/01\/SMALL-LPJ-blanc.png\" class=\"attachment-small size-small wp-post-image\" alt=\"\" loading=\"lazy\" srcset=\"https:\/\/www.les-jamelles.com\/wp-content\/uploads\/2019\/01\/SMALL-LPJ-blanc.png 122w, https:\/\/www.les-jamelles.com\/wp-content\/uploads\/2019\/01\/SMALL-LPJ-blanc-73x300.png 73w\" sizes=\"(max-width: 122px) 100vw, 122px\" \/>                            <\/a>\n                        <\/div>\n                    \n                    <h2><a href=\"https:\/\/www.les-jamelles.com\/de\/unsereweine\/les-petites-jamelles-blanc\/\" title=\"Les Petites Jamelles blanc\">Les Petites Jamelles blanc<\/a><\/h2>\n\n                                            <span class=\"item__category\">\n                            Les Petites Jamelles                        <\/span>\n                    \n                                    <\/div>\n            <\/div>\n        \n            \n            <div class=\"item item--product\">\n                <div class=\"item__inner\">\n                                            <div class=\"item__inner__thumb\">\n                            <a href=\"https:\/\/www.les-jamelles.com\/de\/unsereweine\/les-petites-jamelles-rouge\/\" title=\"Les Petites Jamelles rouge\">\n                                <img width=\"122\" height=\"500\" src=\"https:\/\/www.les-jamelles.com\/wp-content\/uploads\/2019\/01\/SMALL-LPJ-rouge.png\" class=\"attachment-small size-small wp-post-image\" alt=\"\" loading=\"lazy\" srcset=\"https:\/\/www.les-jamelles.com\/wp-content\/uploads\/2019\/01\/SMALL-LPJ-rouge.png 122w, https:\/\/www.les-jamelles.com\/wp-content\/uploads\/2019\/01\/SMALL-LPJ-rouge-73x300.png 73w\" sizes=\"(max-width: 122px) 100vw, 122px\" \/>                            <\/a>\n                        <\/div>\n                    \n                    <h2><a href=\"https:\/\/www.les-jamelles.com\/de\/unsereweine\/les-petites-jamelles-rouge\/\" title=\"Les Petites Jamelles rouge\">Les Petites Jamelles rouge<\/a><\/h2>\n\n                                            <span class=\"item__category\">\n                            Les Petites Jamelles                        <\/span>\n                    \n                                    <\/div>\n            <\/div>\n        \n            \n            <div class=\"item item--product\">\n                <div class=\"item__inner\">\n                                            <div class=\"item__inner__thumb\">\n                            <a href=\"https:\/\/www.les-jamelles.com\/de\/unsereweine\/les-petites-jamelles-rose\/\" title=\"Les Petites Jamelles ros\u00e9\">\n                                <img width=\"122\" height=\"500\" src=\"https:\/\/www.les-jamelles.com\/wp-content\/uploads\/2019\/01\/SMALL-LPJ-rose.png\" class=\"attachment-small size-small wp-post-image\" alt=\"\" loading=\"lazy\" srcset=\"https:\/\/www.les-jamelles.com\/wp-content\/uploads\/2019\/01\/SMALL-LPJ-rose.png 122w, https:\/\/www.les-jamelles.com\/wp-content\/uploads\/2019\/01\/SMALL-LPJ-rose-73x300.png 73w\" sizes=\"(max-width: 122px) 100vw, 122px\" \/>                            <\/a>\n                        <\/div>\n                    \n                    <h2><a href=\"https:\/\/www.les-jamelles.com\/de\/unsereweine\/les-petites-jamelles-rose\/\" title=\"Les Petites Jamelles ros\u00e9\">Les Petites Jamelles ros\u00e9<\/a><\/h2>\n\n                                            <span class=\"item__category\">\n                            Les Petites Jamelles                        <\/span>\n                    \n                                    <\/div>\n            <\/div>\n            <\/div>\n\n    \n\t<div class=\"pagination\">\n        \t\t<br \/>\t<\/div>\n\t<\/div>[\/et_pb_code][\/et_pb_column][\/et_pb_row][\/et_pb_section]<\/p>\n","protected":false},"excerpt":{"rendered":"<p>[et_pb_section fb_built=&#8220;1&#8243; custom_padding_last_edited=&#8220;on|phone&#8220; disabled_on=&#8220;off|off|on&#8220; _builder_version=&#8220;3.22&#8243; background_color=&#8220;#e00b00&#8243; custom_margin=&#8220;0px||0px&#8220; custom_padding=&#8220;10px||10px&#8220; custom_padding_tablet=&#8220;20px||20px|&#8220; custom_padding_phone=&#8220;10px||10px|&#8220; saved_tabs=&#8220;all&#8220; locked=&#8220;off&#8220;][\/et_pb_section][et_pb_section fb_built=&#8220;1&#8243; _builder_version=&#8220;3.22&#8243; background_image=&#8220;https:\/\/www.les-jamelles.com\/wp-content\/uploads\/2018\/12\/Ardoise-Big.jpg&#8220; custom_margin=&#8220;0px|0px|0px|0px&#8220; custom_padding=&#8220;0|0px|0|0px|false|false&#8220; top_divider_style=&#8220;curve&#8220; top_divider_color=&#8220;#e00b00&#8243; top_divider_height=&#8220;25px&#8220; top_divider_repeat=&#8220;20x&#8220; top_divider_arrangement=&#8220;above_content&#8220; top_divider_height_tablet=&#8220;12px&#8220; top_divider_height_phone=&#8220;5px&#8220; top_divider_height_last_edited=&#8220;on|tablet&#8220; bottom_divider_style=&#8220;wave&#8220; bottom_divider_color=&#8220;#f9f8f2&#8243; bottom_divider_height=&#8220;15px&#8220; bottom_divider_repeat=&#8220;14x&#8220; bottom_divider_arrangement=&#8220;above_content&#8220; bottom_divider_height_tablet=&#8220;8px&#8220; bottom_divider_height_phone=&#8220;5px&#8220; bottom_divider_height_last_edited=&#8220;on|desktop&#8220;][et_pb_row use_custom_gutter=&#8220;on&#8220; gutter_width=&#8220;1&#8243; module_class=&#8220; et_pb_row_fullwidth&#8220; _builder_version=&#8220;3.25&#8243; width=&#8220;100%&#8220; width_tablet=&#8220;100%&#8220; width_phone=&#8220;&#8220; width_last_edited=&#8220;on|desktop&#8220; max_width=&#8220;100%&#8220; max_width_tablet=&#8220;100%&#8220; max_width_phone=&#8220;&#8220; max_width_last_edited=&#8220;on|desktop&#8220; custom_margin=&#8220;0px|0px|0px|0px&#8220; custom_padding=&#8220;0px|0px|0px|0px&#8220; make_fullwidth=&#8220;on&#8220;][et_pb_column type=&#8220;4_4&#8243; _builder_version=&#8220;3.25&#8243; custom_padding=&#8220;|||&#8220; custom_padding__hover=&#8220;|||&#8220;][et_pb_slider module_class=&#8220;wines-top-slider&#8220; _builder_version=&#8220;4.3.4&#8243; [&hellip;]<\/p>\n","protected":false},"author":8,"featured_media":0,"parent":0,"menu_order":4,"comment_status":"closed","ping_status":"open","template":"","meta":{"_seopress_robots_primary_cat":"","_et_pb_use_builder":"on","_et_pb_old_content":"","_et_gb_content_width":"","inline_featured_image":false},"acf":[],"_links":{"self":[{"href":"https:\/\/www.les-jamelles.com\/de\/wp-json\/wp\/v2\/pages\/6836"}],"collection":[{"href":"https:\/\/www.les-jamelles.com\/de\/wp-json\/wp\/v2\/pages"}],"about":[{"href":"https:\/\/www.les-jamelles.com\/de\/wp-json\/wp\/v2\/types\/page"}],"author":[{"embeddable":true,"href":"https:\/\/www.les-jamelles.com\/de\/wp-json\/wp\/v2\/users\/8"}],"replies":[{"embeddable":true,"href":"https:\/\/www.les-jamelles.com\/de\/wp-json\/wp\/v2\/comments?post=6836"}],"version-history":[{"count":16,"href":"https:\/\/www.les-jamelles.com\/de\/wp-json\/wp\/v2\/pages\/6836\/revisions"}],"predecessor-version":[{"id":13577,"href":"https:\/\/www.les-jamelles.com\/de\/wp-json\/wp\/v2\/pages\/6836\/revisions\/13577"}],"wp:attachment":[{"href":"https:\/\/www.les-jamelles.com\/de\/wp-json\/wp\/v2\/media?parent=6836"}],"curies":[{"name":"wp","href":"https:\/\/api.w.org\/{rel}","templated":true}]}}